{"id":4595,"date":"2026-07-20T15:26:16","date_gmt":"2026-07-20T20:26:16","guid":{"rendered":"https:\/\/uas.lagoagrio.gob.ec\/?page_id=4595"},"modified":"2026-07-20T15:26:24","modified_gmt":"2026-07-20T20:26:24","slug":"dia-de-la-juventud","status":"publish","type":"page","link":"https:\/\/uas.lagoagrio.gob.ec\/index.php\/dia-de-la-juventud\/","title":{"rendered":"D\u00eda de la Juventud"},"content":{"rendered":"<p><div class=\"et_d4_element et_pb_section et_pb_section_0  et_pb_css_mix_blend_mode et_section_regular et_block_section\" >\n\t\t\t\t\n\t\t\t\t\n\t\t\t\t\n\t\t\t\t\n\t\t\t\t\n\t\t\t\t\n\t\t\t\t<div class=\"et_d4_element et_pb_row et_pb_row_0  et_pb_css_mix_blend_mode et_block_row\">\n\t\t\t\t<div class=\"et_d4_element et_pb_column_4_4 et_pb_column et_pb_column_0  et_pb_css_mix_blend_mode et-last-child et_block_column\">\n\t\t\t\t\n\t\t\t\t\n\t\t\t\t\n\t\t\t\t\n\t\t\t\t<div class=\"et_pb_module et_d4_element et_pb_slider et_pb_slider_0 et_pb_slider_fullwidth_off et_slider_auto et_slider_speed_5000\">\n\t\t\t\t<div class=\"et_pb_slides\">\n\t\t\t\t\t<div class=\"et_d4_element et_pb_slide et_pb_slide_0  et_pb_css_mix_blend_mode et_pb_bg_layout_dark et_pb_media_alignment_center et_pb_slider_with_text_overlay et-pb-active-slide\" data-slide-id=\"et_pb_slide_0\">\n\t\t\t\t\n\t\t\t\t\n\t\t\t\t<div class=\"et_pb_container clearfix\">\n\t\t\t\t\t<div class=\"et_pb_slider_container_inner\">\n\t\t\t\t\t\t\n\t\t\t\t\t\t<div class=\"et_pb_slide_description\">\n\t\t\t\t\t\t\t<div class=\"et_pb_text_overlay_wrapper\">\n\t\t\t\t\t<h2 class=\"et_pb_slide_title\">La Juventud La Haces Tu<\/h2><div class=\"et_pb_slide_content\"><div><span>Reconocemos el papel fundamental de los j\u00f3venes en la construcci\u00f3n de un mejor futuro y reafirmar nuestro compromiso con su desarrollo, bienestar y participaci\u00f3n activa en la sociedad.<\/span><\/div>\n<div><span>\u00a0 <\/span><\/div>\n<div><\/div><\/div>\n\t\t\t\t<\/div>\n\t\t\t\t\t\t\t\n\t\t\t\t\t\t<\/div>\n\t\t\t\t\t<\/div>\n\t\t\t\t<\/div>\n\t\t\t\t\n\t\t\t\t\n\t\t\t\t\n\t\t\t<\/div>\n\t\t\t<div class=\"et_d4_element et_pb_slide et_pb_slide_1  et_pb_css_mix_blend_mode et_pb_bg_layout_dark et_pb_media_alignment_center et_pb_slider_with_text_overlay\" data-slide-id=\"et_pb_slide_1\">\n\t\t\t\t\n\t\t\t\t\n\t\t\t\t<div class=\"et_pb_container clearfix\">\n\t\t\t\t\t<div class=\"et_pb_slider_container_inner\">\n\t\t\t\t\t\t\n\t\t\t\t\t\t<div class=\"et_pb_slide_description\">\n\t\t\t\t\t\t\t<div class=\"et_pb_text_overlay_wrapper\">\n\t\t\t\t\t<h2 class=\"et_pb_slide_title\">D\u00eda de la Juventud<\/h2><div class=\"et_pb_slide_content\"><p><span>Celebramos el D\u00eda de la Juventud, reconociendo a quienes construyen el futuro.<\/span><\/p><\/div>\n\t\t\t\t<\/div>\n\t\t\t\t\t\t\t\n\t\t\t\t\t\t<\/div>\n\t\t\t\t\t<\/div>\n\t\t\t\t<\/div>\n\t\t\t\t\n\t\t\t\t\n\t\t\t\t\n\t\t\t<\/div>\n\t\t\t\n\t\t\t\t<\/div>\n\t\t\t\t\n\t\t\t<\/div>\n\t\t\t\n\t\t\t<\/div>\n\t\t\t\t\n\t\t\t\t\n\t\t\t\t\n\t\t\t\t\n\t\t\t<\/div>\n\t\t\t\t\n\t\t\t\t\n\t\t\t<\/div><div class=\"et_d4_element et_pb_section et_pb_section_1 et_pb_with_background  et_pb_css_mix_blend_mode et_pb_fullwidth_section et_section_regular et_block_section\" >\n\t\t\t\t\n\t\t\t\t\n\t\t\t\t\n\t\t\t\t\n\t\t\t\t\n\t\t\t\t\n\t\t\t\t<section class=\"et_pb_module et_d4_element et_pb_fullwidth_header et_pb_fullwidth_header_0  et_pb_css_mix_blend_mode et_pb_text_align_center et_pb_bg_layout_light\">\n\t\t\t\t\n\t\t\t\t\n\t\t\t\t\n\t\t\t\t\n\t\t\t\t<div class=\"et_pb_fullwidth_header_container center\">\n\t\t\t\t\t<div class=\"header-content-container center\">\n\t\t\t\t\t<div class=\"header-content\">\n\t\t\t\t\t\t\n\t\t\t\t\t\t<h1 class=\"et_pb_module_header\">\u00a1Una administraci\u00f3n abierta para todos!<\/h1>\n\t\t\t\t\t\t\n\t\t\t\t\t\t<div class=\"et_pb_header_content_wrapper\"><\/div>\n\t\t\t\t\t\t\n\t\t\t\t\t<\/div>\n\t\t\t\t<\/div>\n\t\t\t\t\t\n\t\t\t\t<\/div>\n\t\t\t\t<div class=\"et_pb_fullwidth_header_overlay\"><\/div>\n\t\t\t\t<div class=\"et_pb_fullwidth_header_scroll\"><\/div>\n\t\t\t<\/section>\n\t\t\t\t\n\t\t\t\t\n\t\t\t<\/div><div class=\"et_d4_element et_pb_section et_pb_section_2  et_pb_css_mix_blend_mode et_section_regular et_block_section\" >\n\t\t\t\t\n\t\t\t\t\n\t\t\t\t\n\t\t\t\t\n\t\t\t\t\n\t\t\t\t\n\t\t\t\t<div class=\"et_d4_element et_pb_row et_pb_row_1  et_pb_css_mix_blend_mode et_block_row\">\n\t\t\t\t<div class=\"et_d4_element et_pb_column_1_2 et_pb_column et_pb_column_1  et_pb_css_mix_blend_mode et_block_column\">\n\t\t\t\t\n\t\t\t\t\n\t\t\t\t\n\t\t\t\t\n\t\t\t\t<div class=\"et_pb_module et_d4_element et_pb_image et_pb_image_0\">\n\t\t\t\t\n\t\t\t\t\n\t\t\t\t\n\t\t\t\t\n\t\t\t\t<span class=\"et_pb_image_wrap \"><img loading=\"lazy\" decoding=\"async\" width=\"2048\" height=\"1365\" src=\"https:\/\/uas.lagoagrio.gob.ec\/wp-content\/uploads\/2026\/07\/481059342_1032696869049027_546225130101815302_n.jpg\" alt=\"\" title=\"481059342_1032696869049027_546225130101815302_n\" srcset=\"https:\/\/uas.lagoagrio.gob.ec\/wp-content\/uploads\/2026\/07\/481059342_1032696869049027_546225130101815302_n.jpg 2048w, https:\/\/uas.lagoagrio.gob.ec\/wp-content\/uploads\/2026\/07\/481059342_1032696869049027_546225130101815302_n-1280x853.jpg 1280w, https:\/\/uas.lagoagrio.gob.ec\/wp-content\/uploads\/2026\/07\/481059342_1032696869049027_546225130101815302_n-980x653.jpg 980w, https:\/\/uas.lagoagrio.gob.ec\/wp-content\/uploads\/2026\/07\/481059342_1032696869049027_546225130101815302_n-480x320.jpg 480w\" sizes=\"(min-width: 0px) and (max-width: 480px) 480px, (min-width: 481px) and (max-width: 980px) 980px, (min-width: 981px) and (max-width: 1280px) 1280px, (min-width: 1281px) 2048px, 100vw\" class=\"wp-image-4600\" \/><\/span>\n\t\t\t<\/div>\n\t\t\t<\/div><div class=\"et_d4_element et_pb_column_1_2 et_pb_column et_pb_column_2  et_pb_css_mix_blend_mode et-last-child et_block_column\">\n\t\t\t\t\n\t\t\t\t\n\t\t\t\t\n\t\t\t\t\n\t\t\t\t<div class=\"et_pb_module et_d4_element et_pb_text et_pb_text_0  et_pb_text_align_left et_pb_bg_layout_light\">\n\t\t\t\t\n\t\t\t\t\n\t\t\t\t\n\t\t\t\t\n\t\t\t\t<div class=\"et_pb_text_inner\"><h2>D\u00eda de la Juventud<\/h2>\n<div style=\"text-align: justify;\">\n<p class=\"isSelectedEnd\"><span>Cada a\u00f1o celebramos con entusiasmo el D\u00eda de la Juventud, una fecha especial para reconocer el talento, la creatividad, el esfuerzo y el compromiso de las nuevas generaciones. Los j\u00f3venes son protagonistas del presente y agentes de cambio que, con sus ideas, valores y acciones, contribuyen d\u00eda a d\u00eda a la construcci\u00f3n de una sociedad m\u00e1s justa, inclusiva y llena de oportunidades.<\/span><\/p>\n<p><span>Esta conmemoraci\u00f3n nos invita a valorar su papel fundamental en el desarrollo de nuestras comunidades y, al mismo tiempo, a reafirmar nuestro compromiso de impulsar espacios donde puedan fortalecer sus habilidades, desarrollar su potencial y participar activamente en la toma de decisiones que transforman su entorno. Invertir en la juventud es apostar por un futuro con m\u00e1s esperanza, innovaci\u00f3n y progreso para todos.<\/span><\/p>\n<\/div><\/div>\n\t\t\t<\/div>\n\t\t\t<\/div>\n\t\t\t\t\n\t\t\t\t\n\t\t\t\t\n\t\t\t\t\n\t\t\t<\/div>\n\t\t\t\t\n\t\t\t\t\n\t\t\t<\/div><\/p>\n","protected":false},"excerpt":{"rendered":"","protected":false},"author":4,"featured_media":0,"parent":0,"menu_order":0,"comment_status":"closed","ping_status":"closed","template":"","meta":{"_et_pb_use_builder":"on","_et_pb_old_content":"","_et_gb_content_width":"","footnotes":""},"class_list":["post-4595","page","type-page","status-publish","hentry"],"yoast_head":"<!-- This site is optimized with the Yoast SEO plugin v28.3 - https:\/\/yoast.com\/product\/yoast-seo-wordpress\/ -->\n<title>D\u00eda de la Juventud - Unidad de Acci\u00f3n Social Lago Agrio<\/title>\n<meta name=\"robots\" content=\"index, follow, max-snippet:-1, max-image-preview:large, max-video-preview:-1\" \/>\n<link rel=\"canonical\" href=\"https:\/\/uas.lagoagrio.gob.ec\/index.php\/dia-de-la-juventud\/\" \/>\n<meta property=\"og:locale\" content=\"es_ES\" \/>\n<meta property=\"og:type\" content=\"article\" \/>\n<meta property=\"og:title\" content=\"D\u00eda de la Juventud - Unidad de Acci\u00f3n Social Lago Agrio\" \/>\n<meta property=\"og:url\" content=\"https:\/\/uas.lagoagrio.gob.ec\/index.php\/dia-de-la-juventud\/\" \/>\n<meta property=\"og:site_name\" content=\"Unidad de Acci\u00f3n Social Lago Agrio\" \/>\n<meta property=\"article:modified_time\" content=\"2026-07-20T20:26:24+00:00\" \/>\n<meta name=\"twitter:card\" content=\"summary_large_image\" \/>\n<script type=\"application\/ld+json\" class=\"yoast-schema-graph\">{\"@context\":\"https:\\\/\\\/schema.org\",\"@graph\":[{\"@type\":\"WebPage\",\"@id\":\"https:\\\/\\\/uas.lagoagrio.gob.ec\\\/index.php\\\/dia-de-la-juventud\\\/\",\"url\":\"https:\\\/\\\/uas.lagoagrio.gob.ec\\\/index.php\\\/dia-de-la-juventud\\\/\",\"name\":\"D\u00eda de la Juventud - Unidad de Acci\u00f3n Social Lago Agrio\",\"isPartOf\":{\"@id\":\"https:\\\/\\\/uas.lagoagrio.gob.ec\\\/#website\"},\"datePublished\":\"2026-07-20T20:26:16+00:00\",\"dateModified\":\"2026-07-20T20:26:24+00:00\",\"breadcrumb\":{\"@id\":\"https:\\\/\\\/uas.lagoagrio.gob.ec\\\/index.php\\\/dia-de-la-juventud\\\/#breadcrumb\"},\"inLanguage\":\"es\",\"potentialAction\":[{\"@type\":\"ReadAction\",\"target\":[\"https:\\\/\\\/uas.lagoagrio.gob.ec\\\/index.php\\\/dia-de-la-juventud\\\/\"]}]},{\"@type\":\"BreadcrumbList\",\"@id\":\"https:\\\/\\\/uas.lagoagrio.gob.ec\\\/index.php\\\/dia-de-la-juventud\\\/#breadcrumb\",\"itemListElement\":[{\"@type\":\"ListItem\",\"position\":1,\"name\":\"Portada\",\"item\":\"https:\\\/\\\/uas.lagoagrio.gob.ec\\\/\"},{\"@type\":\"ListItem\",\"position\":2,\"name\":\"D\u00eda de la Juventud\"}]},{\"@type\":\"WebSite\",\"@id\":\"https:\\\/\\\/uas.lagoagrio.gob.ec\\\/#website\",\"url\":\"https:\\\/\\\/uas.lagoagrio.gob.ec\\\/\",\"name\":\"Unidad de Acci\u00f3n Social Lago Agrio\",\"description\":\"Unidad de Acci\u00f3n Social de la Alcald\u00eda de Lago Agrio\",\"publisher\":{\"@id\":\"https:\\\/\\\/uas.lagoagrio.gob.ec\\\/#organization\"},\"potentialAction\":[{\"@type\":\"SearchAction\",\"target\":{\"@type\":\"EntryPoint\",\"urlTemplate\":\"https:\\\/\\\/uas.lagoagrio.gob.ec\\\/?s={search_term_string}\"},\"query-input\":{\"@type\":\"PropertyValueSpecification\",\"valueRequired\":true,\"valueName\":\"search_term_string\"}}],\"inLanguage\":\"es\"},{\"@type\":\"Organization\",\"@id\":\"https:\\\/\\\/uas.lagoagrio.gob.ec\\\/#organization\",\"name\":\"Unidad de Acci\u00f3n Social Lago Agrio\",\"url\":\"https:\\\/\\\/uas.lagoagrio.gob.ec\\\/\",\"logo\":{\"@type\":\"ImageObject\",\"inLanguage\":\"es\",\"@id\":\"https:\\\/\\\/uas.lagoagrio.gob.ec\\\/#\\\/schema\\\/logo\\\/image\\\/\",\"url\":\"https:\\\/\\\/uas.lagoagrio.gob.ec\\\/wp-content\\\/uploads\\\/2020\\\/07\\\/UAS-e1594676991770.png\",\"contentUrl\":\"https:\\\/\\\/uas.lagoagrio.gob.ec\\\/wp-content\\\/uploads\\\/2020\\\/07\\\/UAS-e1594676991770.png\",\"width\":132,\"height\":44,\"caption\":\"Unidad de Acci\u00f3n Social Lago Agrio\"},\"image\":{\"@id\":\"https:\\\/\\\/uas.lagoagrio.gob.ec\\\/#\\\/schema\\\/logo\\\/image\\\/\"}}]}<\/script>\n<!-- \/ Yoast SEO plugin. -->","yoast_head_json":{"title":"D\u00eda de la Juventud - Unidad de Acci\u00f3n Social Lago Agrio","robots":{"index":"index","follow":"follow","max-snippet":"max-snippet:-1","max-image-preview":"max-image-preview:large","max-video-preview":"max-video-preview:-1"},"canonical":"https:\/\/uas.lagoagrio.gob.ec\/index.php\/dia-de-la-juventud\/","og_locale":"es_ES","og_type":"article","og_title":"D\u00eda de la Juventud - Unidad de Acci\u00f3n Social Lago Agrio","og_url":"https:\/\/uas.lagoagrio.gob.ec\/index.php\/dia-de-la-juventud\/","og_site_name":"Unidad de Acci\u00f3n Social Lago Agrio","article_modified_time":"2026-07-20T20:26:24+00:00","twitter_card":"summary_large_image","schema":{"@context":"https:\/\/schema.org","@graph":[{"@type":"WebPage","@id":"https:\/\/uas.lagoagrio.gob.ec\/index.php\/dia-de-la-juventud\/","url":"https:\/\/uas.lagoagrio.gob.ec\/index.php\/dia-de-la-juventud\/","name":"D\u00eda de la Juventud - Unidad de Acci\u00f3n Social Lago Agrio","isPartOf":{"@id":"https:\/\/uas.lagoagrio.gob.ec\/#website"},"datePublished":"2026-07-20T20:26:16+00:00","dateModified":"2026-07-20T20:26:24+00:00","breadcrumb":{"@id":"https:\/\/uas.lagoagrio.gob.ec\/index.php\/dia-de-la-juventud\/#breadcrumb"},"inLanguage":"es","potentialAction":[{"@type":"ReadAction","target":["https:\/\/uas.lagoagrio.gob.ec\/index.php\/dia-de-la-juventud\/"]}]},{"@type":"BreadcrumbList","@id":"https:\/\/uas.lagoagrio.gob.ec\/index.php\/dia-de-la-juventud\/#breadcrumb","itemListElement":[{"@type":"ListItem","position":1,"name":"Portada","item":"https:\/\/uas.lagoagrio.gob.ec\/"},{"@type":"ListItem","position":2,"name":"D\u00eda de la Juventud"}]},{"@type":"WebSite","@id":"https:\/\/uas.lagoagrio.gob.ec\/#website","url":"https:\/\/uas.lagoagrio.gob.ec\/","name":"Unidad de Acci\u00f3n Social Lago Agrio","description":"Unidad de Acci\u00f3n Social de la Alcald\u00eda de Lago Agrio","publisher":{"@id":"https:\/\/uas.lagoagrio.gob.ec\/#organization"},"potentialAction":[{"@type":"SearchAction","target":{"@type":"EntryPoint","urlTemplate":"https:\/\/uas.lagoagrio.gob.ec\/?s={search_term_string}"},"query-input":{"@type":"PropertyValueSpecification","valueRequired":true,"valueName":"search_term_string"}}],"inLanguage":"es"},{"@type":"Organization","@id":"https:\/\/uas.lagoagrio.gob.ec\/#organization","name":"Unidad de Acci\u00f3n Social Lago Agrio","url":"https:\/\/uas.lagoagrio.gob.ec\/","logo":{"@type":"ImageObject","inLanguage":"es","@id":"https:\/\/uas.lagoagrio.gob.ec\/#\/schema\/logo\/image\/","url":"https:\/\/uas.lagoagrio.gob.ec\/wp-content\/uploads\/2020\/07\/UAS-e1594676991770.png","contentUrl":"https:\/\/uas.lagoagrio.gob.ec\/wp-content\/uploads\/2020\/07\/UAS-e1594676991770.png","width":132,"height":44,"caption":"Unidad de Acci\u00f3n Social Lago Agrio"},"image":{"@id":"https:\/\/uas.lagoagrio.gob.ec\/#\/schema\/logo\/image\/"}}]}},"_links":{"self":[{"href":"https:\/\/uas.lagoagrio.gob.ec\/index.php\/wp-json\/wp\/v2\/pages\/4595","targetHints":{"allow":["GET"]}}],"collection":[{"href":"https:\/\/uas.lagoagrio.gob.ec\/index.php\/wp-json\/wp\/v2\/pages"}],"about":[{"href":"https:\/\/uas.lagoagrio.gob.ec\/index.php\/wp-json\/wp\/v2\/types\/page"}],"author":[{"embeddable":true,"href":"https:\/\/uas.lagoagrio.gob.ec\/index.php\/wp-json\/wp\/v2\/users\/4"}],"replies":[{"embeddable":true,"href":"https:\/\/uas.lagoagrio.gob.ec\/index.php\/wp-json\/wp\/v2\/comments?post=4595"}],"version-history":[{"count":2,"href":"https:\/\/uas.lagoagrio.gob.ec\/index.php\/wp-json\/wp\/v2\/pages\/4595\/revisions"}],"predecessor-version":[{"id":4601,"href":"https:\/\/uas.lagoagrio.gob.ec\/index.php\/wp-json\/wp\/v2\/pages\/4595\/revisions\/4601"}],"wp:attachment":[{"href":"https:\/\/uas.lagoagrio.gob.ec\/index.php\/wp-json\/wp\/v2\/media?parent=4595"}],"curies":[{"name":"wp","href":"https:\/\/api.w.org\/{rel}","templated":true}]}}